{"id":4995,"date":"2020-01-06T15:33:38","date_gmt":"2020-01-06T15:33:38","guid":{"rendered":"https:\/\/cellercanroda.cat\/masia-can-roda\/"},"modified":"2024-04-10T18:17:12","modified_gmt":"2024-04-10T16:17:12","slug":"masia-can-roda","status":"publish","type":"page","link":"https:\/\/cellercanroda.cat\/es\/masia-can-roda\/","title":{"rendered":"Con\u00f3cenos"},"content":{"rendered":"<p><div class=\"fusion-fullwidth fullwidth-box fusion-builder-row-1 fusion-flex-container nonhundred-percent-fullwidth non-hundred-percent-height-scrolling\" style=\"--awb-border-radius-top-left:0px;--awb-border-radius-top-right:0px;--awb-border-radius-bottom-right:0px;--awb-border-radius-bottom-left:0px;--awb-padding-top:0px;--awb-padding-bottom:0%;--awb-padding-bottom-small:30px;--awb-flex-wrap:wrap;\" ><div class=\"fusion-builder-row fusion-row fusion-flex-align-items-center fusion-flex-content-wrap\" style=\"max-width:1320.8px;margin-left: calc(-4% \/ 2 );margin-right: calc(-4% \/ 2 );\"><div class=\"fusion-layout-column fusion_builder_column fusion-builder-column-0 fusion_builder_column_1_2 1_2 fusion-flex-column\" style=\"--awb-padding-top:40px;--awb-padding-bottom:30px;--awb-bg-size:cover;--awb-width-large:50%;--awb-margin-top-large:0px;--awb-spacing-right-large:3.84%;--awb-margin-bottom-large:25px;--awb-spacing-left-large:3.84%;--awb-width-medium:100%;--awb-spacing-right-medium:1.92%;--awb-margin-bottom-medium:0px;--awb-spacing-left-medium:1.92%;--awb-width-small:100%;--awb-spacing-right-small:1.92%;--awb-spacing-left-small:1.92%;\"><div class=\"fusion-column-wrapper fusion-column-has-shadow fusion-flex-justify-content-center fusion-content-layout-column\"><div class=\"fusion-title title fusion-title-1 fusion-sep-none fusion-title-text fusion-title-size-six\" style=\"--awb-margin-top:0px;--awb-margin-bottom:10px;--awb-margin-top-small:8px;--awb-margin-right-small:0px;--awb-margin-bottom-small:10px;--awb-margin-left-small:0px;\"><h6 class=\"fusion-title-heading title-heading-left md-text-align-center fusion-responsive-typography-calculated\" style=\"margin:0;--fontSize:12;--minFontSize:12;line-height:1.72;\">Inicios<\/h6><\/div><div class=\"fusion-title title fusion-title-2 fusion-sep-none fusion-title-text fusion-title-size-two\" style=\"--awb-margin-bottom:32px;--awb-margin-top-small:8px;--awb-margin-right-small:0px;--awb-margin-bottom-small:16px;--awb-margin-left-small:0px;--awb-margin-bottom-medium:20px;\"><h2 class=\"fusion-title-heading title-heading-left md-text-align-center fusion-responsive-typography-calculated\" style=\"margin:0;--fontSize:44;line-height:1.26;\">Descubre la historia detr\u00e1s del Celler Can Roda<\/h2><\/div><div class=\"fusion-text fusion-text-1 md-text-align-center sm-text-align-center\"><p style=\"text-align: left;\">Nuestra mas\u00eda Can Roda es una de las mas\u00edas cercanas a Barcelona con m\u00e1s historia. El primer documento en el que aparece mencionada es de 1447 y se encuentra en el Archivo Diocesano de Barcelona (ADB).<\/p>\n<p style=\"text-align: left;\">Este documento hace referencia a las posesiones en Santa Maria de Martorelles del propietario que da nombre a la mas\u00eda, Joan Roda. En estos documentos tambi\u00e9n se menciona que la finca llevaba el nombre de Can Maiolo antes de que fuese adquirida por Joan Roda junto con las tierras circundantes.<\/p>\n<\/div><div class=\"accordian fusion-accordian\" style=\"--awb-border-size:1px;--awb-icon-size:14px;--awb-content-font-size:16px;--awb-icon-alignment:right;--awb-hover-color:rgba(250,250,250,0.1);--awb-border-color:#ffffff;--awb-background-color:#ffffff;--awb-divider-color:rgba(40,45,51,0.1);--awb-divider-hover-color:rgba(40,45,51,0.1);--awb-icon-color:#ffffff;--awb-title-color:#181b20;--awb-content-color:#656a70;--awb-icon-box-color:#181b20;--awb-toggle-hover-accent-color:#181b20;--awb-title-font-family:&quot;Work Sans&quot;;--awb-title-font-weight:300;--awb-title-font-style:normal;--awb-title-font-size:14px;--awb-content-font-family:&quot;Work Sans&quot;;--awb-content-font-style:normal;--awb-content-font-weight:400;\"><div class=\"panel-group fusion-toggle-icon-right fusion-toggle-icon-boxed\" id=\"accordion-4995-1\"><div class=\"fusion-panel panel-default panel-baef721294fb092e2 fusion-toggle-no-divider fusion-toggle-boxed-mode\"><div class=\"panel-heading\"><h4 class=\"panel-title toggle\" id=\"toggle_baef721294fb092e2\"><a aria-expanded=\"false\" aria-controls=\"baef721294fb092e2\" role=\"button\" data-toggle=\"collapse\" data-target=\"#baef721294fb092e2\" href=\"#baef721294fb092e2\"><span class=\"fusion-toggle-icon-wrapper\" aria-hidden=\"true\"><i class=\"fa-fusion-box active-icon awb-icon-minus\" aria-hidden=\"true\"><\/i><i class=\"fa-fusion-box inactive-icon awb-icon-plus\" aria-hidden=\"true\"><\/i><\/span><span class=\"fusion-toggle-heading\">continuar leyendo...<\/span><\/a><\/h4><\/div><div id=\"baef721294fb092e2\" class=\"panel-collapse collapse \" aria-labelledby=\"toggle_baef721294fb092e2\"><div class=\"panel-body toggle-content fusion-clearfix\">Con el paso del tiempo esta mas\u00eda pas\u00f3 de ser una casa acomodada a finales de la Edad Media a caer en decadencia a mediados del siglo XVII. Seg\u00fan los registros hist\u00f3ricos se reconvirti\u00f3 en la Casa de los Infantes Hu\u00e9rfanos y durante la guerra del Franc\u00e9s (1808-1814) sirvi\u00f3 de cuartel del somat\u00e9n de Martorelles y Sant Fost.<\/p>\n<p>Finalmente, la mas\u00eda inicial fue destruida para construir una nueva en 1867 y as\u00ed dotarla de todas las comodidades del siglo XIX. La fecha de su inauguraci\u00f3n todav\u00eda aparece escrita en varios rincones de la finca.<\/div><\/div><\/div><\/div><\/div><\/div><\/div><div class=\"fusion-layout-column fusion_builder_column fusion-builder-column-1 fusion_builder_column_1_2 1_2 fusion-flex-column\" style=\"--awb-bg-size:cover;--awb-width-large:50%;--awb-margin-top-large:0px;--awb-spacing-right-large:3.84%;--awb-margin-bottom-large:50px;--awb-spacing-left-large:11.52%;--awb-width-medium:100%;--awb-spacing-right-medium:1.92%;--awb-spacing-left-medium:1.92%;--awb-width-small:100%;--awb-spacing-right-small:1.92%;--awb-spacing-left-small:1.92%;\"><div class=\"fusion-column-wrapper fusion-column-has-shadow fusion-flex-justify-content-flex-start fusion-content-layout-column\"><div class=\"fusion-image-element \" style=\"--awb-caption-title-font-family:var(--h2_typography-font-family);--awb-caption-title-font-weight:var(--h2_typography-font-weight);--awb-caption-title-font-style:var(--h2_typography-font-style);--awb-caption-title-size:var(--h2_typography-font-size);--awb-caption-title-transform:var(--h2_typography-text-transform);--awb-caption-title-line-height:var(--h2_typography-line-height);--awb-caption-title-letter-spacing:var(--h2_typography-letter-spacing);\"><span class=\" fusion-imageframe imageframe-none imageframe-1 hover-type-zoomin\"><img decoding=\"async\" width=\"2500\" height=\"1667\" title=\"_IP_2379\" src=\"https:\/\/cellercanroda.cat\/wp-content\/uploads\/2020\/09\/IP_2379.jpg\" alt class=\"img-responsive wp-image-3530\" srcset=\"https:\/\/cellercanroda.cat\/wp-content\/uploads\/2020\/09\/IP_2379-700x467.jpg 700w, https:\/\/cellercanroda.cat\/wp-content\/uploads\/2020\/09\/IP_2379.jpg 2500w\" sizes=\"(max-width: 2500px) 100vw, 2500px\" \/><\/span><\/div><div class=\"fusion-separator fusion-full-width-sep\" style=\"align-self: center;margin-left: auto;margin-right: auto;margin-top:10px;margin-bottom:10px;width:100%;\"><\/div><div style=\"text-align:center;\"><a class=\"fusion-button button-flat fusion-button-default-size button-default fusion-button-default button-1 fusion-button-default-span fusion-button-default-type\" target=\"_self\" href=\"https:\/\/cellercanroda.cat\/es\/visita\/\"><span class=\"fusion-button-text awb-button__text awb-button__text--default\">Ven a visitarnos<\/span><\/a><\/div><\/div><\/div><\/div><\/div><div class=\"fusion-fullwidth fullwidth-box fusion-builder-row-2 fusion-flex-container nonhundred-percent-fullwidth non-hundred-percent-height-scrolling\" style=\"--awb-border-radius-top-left:0px;--awb-border-radius-top-right:0px;--awb-border-radius-bottom-right:0px;--awb-border-radius-bottom-left:0px;--awb-padding-top:0%;--awb-padding-bottom:0%;--awb-flex-wrap:wrap;\" ><div class=\"fusion-builder-row fusion-row fusion-flex-align-items-center fusion-flex-content-wrap\" style=\"max-width:1320.8px;margin-left: calc(-4% \/ 2 );margin-right: calc(-4% \/ 2 );\"><div class=\"fusion-layout-column fusion_builder_column fusion-builder-column-2 fusion_builder_column_1_2 1_2 fusion-flex-column\" style=\"--awb-bg-size:cover;--awb-width-large:50%;--awb-margin-top-large:25px;--awb-spacing-right-large:11.52%;--awb-margin-bottom-large:5px;--awb-spacing-left-large:3.84%;--awb-width-medium:100%;--awb-order-medium:2;--awb-spacing-right-medium:1.92%;--awb-spacing-left-medium:1.92%;--awb-width-small:100%;--awb-order-small:2;--awb-spacing-right-small:1.92%;--awb-spacing-left-small:1.92%;\"><div class=\"fusion-column-wrapper fusion-column-has-shadow fusion-flex-justify-content-center fusion-content-layout-column\"><div class=\"fusion-image-element \" style=\"--awb-caption-title-font-family:var(--h2_typography-font-family);--awb-caption-title-font-weight:var(--h2_typography-font-weight);--awb-caption-title-font-style:var(--h2_typography-font-style);--awb-caption-title-size:var(--h2_typography-font-size);--awb-caption-title-transform:var(--h2_typography-text-transform);--awb-caption-title-line-height:var(--h2_typography-line-height);--awb-caption-title-letter-spacing:var(--h2_typography-letter-spacing);\"><span class=\" fusion-imageframe imageframe-none imageframe-2 hover-type-none\"><img decoding=\"async\" width=\"2434\" height=\"2033\" title=\"IMG_4695\" src=\"https:\/\/cellercanroda.cat\/wp-content\/uploads\/2020\/09\/IMG_4695.jpg\" alt class=\"img-responsive wp-image-3536\" srcset=\"https:\/\/cellercanroda.cat\/wp-content\/uploads\/2020\/09\/IMG_4695-700x585.jpg 700w, https:\/\/cellercanroda.cat\/wp-content\/uploads\/2020\/09\/IMG_4695.jpg 2434w\" sizes=\"(max-width: 2434px) 100vw, 2434px\" \/><\/span><\/div><div class=\"fusion-separator fusion-full-width-sep\" style=\"align-self: center;margin-left: auto;margin-right: auto;margin-top:10px;margin-bottom:10px;width:100%;\"><\/div><div style=\"text-align:center;\"><a class=\"fusion-button button-flat fusion-button-default-size button-default fusion-button-default button-2 fusion-button-default-span fusion-button-default-type\" target=\"_self\" href=\"https:\/\/cellercanroda.cat\/es\/tienda\/\"><span class=\"fusion-button-text awb-button__text awb-button__text--default\">Descubre nuestros vinos<\/span><\/a><\/div><\/div><\/div><div class=\"fusion-layout-column fusion_builder_column fusion-builder-column-3 fusion_builder_column_1_2 1_2 fusion-flex-column\" style=\"--awb-bg-size:cover;--awb-width-large:50%;--awb-margin-top-large:25px;--awb-spacing-right-large:3.84%;--awb-margin-bottom-large:25px;--awb-spacing-left-large:7.68%;--awb-width-medium:100%;--awb-spacing-right-medium:1.92%;--awb-spacing-left-medium:1.92%;--awb-width-small:100%;--awb-spacing-right-small:1.92%;--awb-spacing-left-small:1.92%;\"><div class=\"fusion-column-wrapper fusion-column-has-shadow fusion-flex-justify-content-center fusion-content-layout-column\"><div class=\"fusion-title title fusion-title-3 fusion-sep-none fusion-title-text fusion-title-size-six\" style=\"--awb-margin-top:0px;--awb-margin-bottom:10px;--awb-margin-top-small:8px;--awb-margin-right-small:0px;--awb-margin-bottom-small:10PX;--awb-margin-left-small:0px;\"><h6 class=\"fusion-title-heading title-heading-left fusion-responsive-typography-calculated\" style=\"margin:0;--fontSize:12;--minFontSize:12;line-height:1.72;\">La bodega<\/h6><\/div><div class=\"fusion-title title fusion-title-4 fusion-sep-none fusion-title-text fusion-title-size-two\" style=\"--awb-margin-bottom:36px;--awb-margin-top-small:8px;--awb-margin-right-small:0px;--awb-margin-bottom-small:16px;--awb-margin-left-small:0px;\"><h2 class=\"fusion-title-heading title-heading-left fusion-responsive-typography-calculated\" style=\"margin:0;--fontSize:44;line-height:1.26;\">Conoce sus inicios como bodega y plantaci\u00f3n de vi\u00f1edos<\/h2><\/div><div class=\"fusion-text fusion-text-2\"><p>En 1864 Casa Roda fue adquirida por la familia Bonaplata de Barcelona. La historia dice que decidieron derribar la antigua edificaci\u00f3n y en su lugar construir la mas\u00eda actual en las afueras de Santa Mar\u00eda de Martorelles que se ha preservado hasta ahora rodeada de cuarenta hect\u00e1reas de bosque y vi\u00f1edos.<\/p>\n<p>La mas\u00eda cuenta con un estilo constructivo in\u00e9dito, de planta cuadrada con predominio de la baldosa sobre la piedra, que la diferencia del tipo de arquitectura caracter\u00edstica de las casas solariegas catalanas, seguramente porque su edificaci\u00f3n fue posterior.<\/p>\n<\/div><div class=\"accordian fusion-accordian\" style=\"--awb-border-size:1px;--awb-icon-size:14px;--awb-content-font-size:16px;--awb-icon-alignment:right;--awb-hover-color:rgba(250,250,250,0.1);--awb-border-color:#ffffff;--awb-background-color:#ffffff;--awb-divider-color:rgba(40,45,51,0.1);--awb-divider-hover-color:rgba(40,45,51,0.1);--awb-icon-color:#ffffff;--awb-title-color:#181b20;--awb-content-color:#656a70;--awb-icon-box-color:#181b20;--awb-toggle-hover-accent-color:#181b20;--awb-title-font-family:&quot;Work Sans&quot;;--awb-title-font-weight:300;--awb-title-font-style:normal;--awb-title-font-size:14px;--awb-content-font-family:&quot;Work Sans&quot;;--awb-content-font-style:normal;--awb-content-font-weight:400;\"><div class=\"panel-group fusion-toggle-icon-right fusion-toggle-icon-boxed\" id=\"accordion-4995-2\"><div class=\"fusion-panel panel-default panel-733cded40b84cec90 fusion-toggle-no-divider fusion-toggle-boxed-mode\"><div class=\"panel-heading\"><h4 class=\"panel-title toggle\" id=\"toggle_733cded40b84cec90\"><a aria-expanded=\"false\" aria-controls=\"733cded40b84cec90\" role=\"button\" data-toggle=\"collapse\" data-target=\"#733cded40b84cec90\" href=\"#733cded40b84cec90\"><span class=\"fusion-toggle-icon-wrapper\" aria-hidden=\"true\"><i class=\"fa-fusion-box active-icon awb-icon-minus\" aria-hidden=\"true\"><\/i><i class=\"fa-fusion-box inactive-icon awb-icon-plus\" aria-hidden=\"true\"><\/i><\/span><span class=\"fusion-toggle-heading\">continuar leyendo<\/span><\/a><\/h4><\/div><div id=\"733cded40b84cec90\" class=\"panel-collapse collapse \" aria-labelledby=\"toggle_733cded40b84cec90\"><div class=\"panel-body toggle-content fusion-clearfix\">Desde el a\u00f1o 2010, la mas\u00eda pasa a elaborar vinos en la DO Alella, en la zona norte de Barcelona y a\u00f1ade as\u00ed un cap\u00edtulo m\u00e1s a su historia. La finca cuenta con siete hect\u00e1reas de vi\u00f1edos con las variedades pasa blanca, la aut\u00f3ctona de esta denominaci\u00f3n de origen, moscatel, merlot y cabernet.<\/p>\n<p>Producimos hasta trece vinos diferentes: tres blancos (Pansa Blanca Muscat, Pasa Blanca y Crianza Saul\u00f3), cuatro tintos (Jove Merlot, Merlot Cabernet Crianza, Syrah Garnacha y La Part dels \u00c0ngels), un rosado (Syrah), tres espumosos (Brut Nature, Brut Nature Reserva y Ellas), un vino dulce (Colgado de un hilo) y un vino de aperitivo (Clarea).<\/div><\/div><\/div><\/div><\/div><\/div><\/div><\/div><\/div><div class=\"fusion-fullwidth fullwidth-box fusion-builder-row-3 fusion-flex-container nonhundred-percent-fullwidth non-hundred-percent-height-scrolling\" style=\"--awb-border-radius-top-left:0px;--awb-border-radius-top-right:0px;--awb-border-radius-bottom-right:0px;--awb-border-radius-bottom-left:0px;--awb-padding-top:0px;--awb-padding-bottom:0%;--awb-padding-bottom-small:30px;--awb-flex-wrap:wrap;\" ><div class=\"fusion-builder-row fusion-row fusion-flex-align-items-center fusion-flex-content-wrap\" style=\"max-width:1320.8px;margin-left: calc(-4% \/ 2 );margin-right: calc(-4% \/ 2 );\"><div class=\"fusion-layout-column fusion_builder_column fusion-builder-column-4 fusion_builder_column_1_2 1_2 fusion-flex-column\" style=\"--awb-padding-top:40px;--awb-padding-bottom:30px;--awb-bg-size:cover;--awb-width-large:50%;--awb-margin-top-large:0px;--awb-spacing-right-large:3.84%;--awb-margin-bottom-large:25px;--awb-spacing-left-large:3.84%;--awb-width-medium:100%;--awb-spacing-right-medium:1.92%;--awb-margin-bottom-medium:0px;--awb-spacing-left-medium:1.92%;--awb-width-small:100%;--awb-spacing-right-small:1.92%;--awb-spacing-left-small:1.92%;\"><div class=\"fusion-column-wrapper fusion-column-has-shadow fusion-flex-justify-content-center fusion-content-layout-column\"><div class=\"fusion-title title fusion-title-5 fusion-sep-none fusion-title-text fusion-title-size-six\" style=\"--awb-margin-top:0px;--awb-margin-bottom:10px;--awb-margin-top-small:8px;--awb-margin-right-small:0px;--awb-margin-bottom-small:10px;--awb-margin-left-small:0px;\"><h6 class=\"fusion-title-heading title-heading-left md-text-align-center fusion-responsive-typography-calculated\" style=\"margin:0;--fontSize:12;--minFontSize:12;line-height:1.72;\">Entorno<\/h6><\/div><div class=\"fusion-title title fusion-title-6 fusion-sep-none fusion-title-text fusion-title-size-two\" style=\"--awb-margin-bottom:32px;--awb-margin-top-small:8px;--awb-margin-right-small:0px;--awb-margin-bottom-small:16px;--awb-margin-left-small:0px;--awb-margin-bottom-medium:20px;\"><h2 class=\"fusion-title-heading title-heading-left md-text-align-center fusion-responsive-typography-calculated\" style=\"margin:0;--fontSize:44;line-height:1.26;\">Disfruta de su situaci\u00f3n privilegiada<\/h2><\/div><div class=\"fusion-text fusion-text-3\"><p>Situada en un paraje privilegiado, esta mas\u00eda con tanta historia sigue rodeada de vi\u00f1edos y bosques. Can Roda se ha convertido en un oasis natural junto a Barcelona ubicado en el Parque Natural de la Serralada de Marina.<\/p>\n<p>La Serralada de Marina constituye una cadena monta\u00f1osa con una altitud moderada que nunca sobrepasa los 600 m. Es singular ya que se levanta abruptamente entre la costa marina y la llanura del Vall\u00e8s, lado donde queda situada la finca. Al estar en el lado continental, las condiciones de temperatura y humedad de la zona son m\u00e1s extremas, a diferencia del resto de bodegas de la DO Alella que est\u00e1n en la vertiente mar, y esto acaba por conferir a sus vinos un toque diferente.<\/p>\n<\/div><div class=\"accordian fusion-accordian\" style=\"--awb-border-size:1px;--awb-icon-size:14px;--awb-content-font-size:16px;--awb-icon-alignment:right;--awb-hover-color:rgba(250,250,250,0.1);--awb-border-color:#ffffff;--awb-background-color:#ffffff;--awb-divider-color:rgba(40,45,51,0.1);--awb-divider-hover-color:rgba(40,45,51,0.1);--awb-icon-color:#ffffff;--awb-title-color:#181b20;--awb-content-color:#656a70;--awb-icon-box-color:#181b20;--awb-toggle-hover-accent-color:#181b20;--awb-title-font-family:&quot;Work Sans&quot;;--awb-title-font-weight:300;--awb-title-font-style:normal;--awb-title-font-size:14px;--awb-content-font-family:&quot;Work Sans&quot;;--awb-content-font-style:normal;--awb-content-font-weight:400;\"><div class=\"panel-group fusion-toggle-icon-right fusion-toggle-icon-boxed\" id=\"accordion-4995-3\"><div class=\"fusion-panel panel-default panel-eac7741425d8b6cb6 fusion-toggle-no-divider fusion-toggle-boxed-mode\"><div class=\"panel-heading\"><h4 class=\"panel-title toggle\" id=\"toggle_eac7741425d8b6cb6\"><a aria-expanded=\"false\" aria-controls=\"eac7741425d8b6cb6\" role=\"button\" data-toggle=\"collapse\" data-target=\"#eac7741425d8b6cb6\" href=\"#eac7741425d8b6cb6\"><span class=\"fusion-toggle-icon-wrapper\" aria-hidden=\"true\"><i class=\"fa-fusion-box active-icon awb-icon-minus\" aria-hidden=\"true\"><\/i><i class=\"fa-fusion-box inactive-icon awb-icon-plus\" aria-hidden=\"true\"><\/i><\/span><span class=\"fusion-toggle-heading\">continuar leyendo...<\/span><\/a><\/h4><\/div><div id=\"eac7741425d8b6cb6\" class=\"panel-collapse collapse \" aria-labelledby=\"toggle_eac7741425d8b6cb6\"><div class=\"panel-body toggle-content fusion-clearfix\">\u00bfTienes ganas de saber m\u00e1s? Ven a visitarnos y descubrir todos los detalles de primera mano. Podr\u00e1s disfrutar con un paseo por los vi\u00f1edos y degustar nuestros vinos ya sea en nuestra terraza o participando en una de nuestras experiencias enol\u00f3gicas. Adem\u00e1s, si se alarga el d\u00eda puedes ir a los <a href=\"https:\/\/cellercanroda.cat\/ca\/visita\/hotels-i-restaurants\/\">mejores hoteles y restaurantes cerca de Barcelona<\/a> y completar tu escapada.<\/div><\/div><\/div><\/div><\/div><\/div><\/div><div class=\"fusion-layout-column fusion_builder_column fusion-builder-column-5 fusion_builder_column_1_2 1_2 fusion-flex-column\" style=\"--awb-bg-size:cover;--awb-width-large:50%;--awb-margin-top-large:0px;--awb-spacing-right-large:3.84%;--awb-margin-bottom-large:50px;--awb-spacing-left-large:11.52%;--awb-width-medium:100%;--awb-spacing-right-medium:1.92%;--awb-spacing-left-medium:1.92%;--awb-width-small:100%;--awb-spacing-right-small:1.92%;--awb-spacing-left-small:1.92%;\"><div class=\"fusion-column-wrapper fusion-column-has-shadow fusion-flex-justify-content-flex-start fusion-content-layout-column\"><div class=\"fusion-image-element \" style=\"--awb-caption-title-font-family:var(--h2_typography-font-family);--awb-caption-title-font-weight:var(--h2_typography-font-weight);--awb-caption-title-font-style:var(--h2_typography-font-style);--awb-caption-title-size:var(--h2_typography-font-size);--awb-caption-title-transform:var(--h2_typography-text-transform);--awb-caption-title-line-height:var(--h2_typography-line-height);--awb-caption-title-letter-spacing:var(--h2_typography-letter-spacing);\"><span class=\" fusion-imageframe imageframe-none imageframe-3 hover-type-zoomin\"><img decoding=\"async\" width=\"2500\" height=\"1667\" title=\"_IP_2408\" src=\"https:\/\/cellercanroda.cat\/wp-content\/uploads\/2020\/09\/IP_2408.jpg\" alt class=\"img-responsive wp-image-3505\" srcset=\"https:\/\/cellercanroda.cat\/wp-content\/uploads\/2020\/09\/IP_2408-700x467.jpg 700w, https:\/\/cellercanroda.cat\/wp-content\/uploads\/2020\/09\/IP_2408.jpg 2500w\" sizes=\"(max-width: 2500px) 100vw, 2500px\" \/><\/span><\/div><div class=\"fusion-separator fusion-full-width-sep\" style=\"align-self: center;margin-left: auto;margin-right: auto;margin-top:10px;margin-bottom:10px;width:100%;\"><\/div><div style=\"text-align:center;\"><a class=\"fusion-button button-flat fusion-button-default-size button-default fusion-button-default button-3 fusion-button-default-span fusion-button-default-type\" target=\"_self\" href=\"https:\/\/cellercanroda.cat\/es\/visita\/\"><span class=\"fusion-button-text awb-button__text awb-button__text--default\">Descubre las experiencias enol\u00f3gicas<\/span><\/a><\/div><\/div><\/div><\/div><\/div><div class=\"fusion-fullwidth fullwidth-box fusion-builder-row-4 fusion-flex-container nonhundred-percent-fullwidth non-hundred-percent-height-scrolling\" style=\"--awb-border-radius-top-left:0px;--awb-border-radius-top-right:0px;--awb-border-radius-bottom-right:0px;--awb-border-radius-bottom-left:0px;--awb-padding-top:4%;--awb-padding-bottom:4%;--awb-padding-right-medium:80px;--awb-padding-left-medium:80px;--awb-flex-wrap:wrap;\" ><div class=\"fusion-builder-row fusion-row fusion-flex-align-items-flex-start fusion-flex-content-wrap\" style=\"max-width:1422.4px;margin-left: calc(-12% \/ 2 );margin-right: calc(-12% \/ 2 );\"><div class=\"fusion-layout-column fusion_builder_column fusion-builder-column-6 fusion_builder_column_1_3 1_3 fusion-flex-column fusion-animated\" style=\"--awb-bg-size:cover;--awb-width-large:33.333333333333%;--awb-margin-top-large:0px;--awb-spacing-right-large:15.84%;--awb-margin-bottom-large:25px;--awb-spacing-left-large:15.84%;--awb-width-medium:33.333333333333%;--awb-spacing-right-medium:15.84%;--awb-spacing-left-medium:15.84%;--awb-width-small:100%;--awb-spacing-right-small:5.28%;--awb-spacing-left-small:5.28%;\" data-animationType=\"fadeInLeft\" data-animationDuration=\"0.8\" data-animationOffset=\"top-into-view\"><div class=\"fusion-column-wrapper fusion-column-has-shadow fusion-flex-justify-content-flex-start fusion-content-layout-column\"><i class=\"fb-icon-element-1 fb-icon-element fontawesome-icon fa-wine-glass fas circle-yes\" style=\"--awb-circlecolor:#656a70;--awb-circlecolor-hover:#656a70;--awb-circlebordersize:1px;--awb-font-size:44px;--awb-width:88px;--awb-height:88px;--awb-line-height:86px;--awb-margin-top:0;--awb-margin-right:0;--awb-margin-bottom:0;--awb-margin-left:0;--awb-align-self:center;\"><\/i><div class=\"fusion-title title fusion-title-7 fusion-sep-none fusion-title-center fusion-title-text fusion-title-size-three\" style=\"--awb-margin-top-small:8px;--awb-margin-right-small:0px;--awb-margin-bottom-small:16px;--awb-margin-left-small:0px;--awb-font-size:64px;\"><h3 class=\"fusion-title-heading title-heading-center fusion-responsive-typography-calculated\" style=\"margin:0;font-size:1em;--fontSize:64;line-height:1.09;\">2010<\/h3><\/div><div class=\"fusion-text fusion-text-4 md-text-align-center sm-text-align-center paragraph-small\"><p style=\"font-size: 14px; line-height: 24px; text-align: center;\" data-fusion-font=\"true\">Inicio de la elaboraci\u00f3n de vinos en la DO Alella.<\/p>\n<\/div><\/div><\/div><div class=\"fusion-layout-column fusion_builder_column fusion-builder-column-7 fusion_builder_column_1_3 1_3 fusion-flex-column fusion-animated\" style=\"--awb-bg-size:cover;--awb-width-large:33.333333333333%;--awb-margin-top-large:0px;--awb-spacing-right-large:15.84%;--awb-margin-bottom-large:25px;--awb-spacing-left-large:15.84%;--awb-width-medium:33.333333333333%;--awb-spacing-right-medium:15.84%;--awb-spacing-left-medium:15.84%;--awb-width-small:100%;--awb-spacing-right-small:5.28%;--awb-spacing-left-small:5.28%;\" data-animationType=\"fadeInLeft\" data-animationDuration=\"0.8\" data-animationOffset=\"top-into-view\"><div class=\"fusion-column-wrapper fusion-column-has-shadow fusion-flex-justify-content-flex-start fusion-content-layout-column\"><i class=\"fb-icon-element-2 fb-icon-element fontawesome-icon fa-hand-holding-heart fas circle-yes\" style=\"--awb-circlecolor:#656a70;--awb-circlecolor-hover:#656a70;--awb-circlebordersize:1px;--awb-font-size:44px;--awb-width:88px;--awb-height:88px;--awb-line-height:86px;--awb-margin-top:0;--awb-margin-right:0;--awb-margin-bottom:0;--awb-margin-left:0;--awb-align-self:center;\"><\/i><div class=\"fusion-title title fusion-title-8 fusion-sep-none fusion-title-center fusion-title-text fusion-title-size-three\" style=\"--awb-margin-top-small:8px;--awb-margin-right-small:0px;--awb-margin-bottom-small:16px;--awb-margin-left-small:0px;--awb-font-size:64px;\"><h3 class=\"fusion-title-heading title-heading-center fusion-responsive-typography-calculated\" style=\"margin:0;font-size:1em;--fontSize:64;line-height:1.09;\">100%<\/h3><\/div><div class=\"fusion-text fusion-text-5 md-text-align-center sm-text-align-center paragraph-small\"><p style=\"font-size: 14px; line-height: 24px; text-align: center;\" data-fusion-font=\"true\">Vinos ecol\u00f3gicos.<\/p>\n<\/div><\/div><\/div><div class=\"fusion-layout-column fusion_builder_column fusion-builder-column-8 fusion_builder_column_1_3 1_3 fusion-flex-column fusion-animated\" style=\"--awb-bg-size:cover;--awb-width-large:33.333333333333%;--awb-margin-top-large:0px;--awb-spacing-right-large:15.84%;--awb-margin-bottom-large:25px;--awb-spacing-left-large:15.84%;--awb-width-medium:33.333333333333%;--awb-spacing-right-medium:15.84%;--awb-spacing-left-medium:15.84%;--awb-width-small:100%;--awb-spacing-right-small:5.28%;--awb-spacing-left-small:5.28%;\" data-animationType=\"fadeInLeft\" data-animationDuration=\"0.8\" data-animationOffset=\"top-into-view\"><div class=\"fusion-column-wrapper fusion-column-has-shadow fusion-flex-justify-content-flex-start fusion-content-layout-column\"><i class=\"fb-icon-element-3 fb-icon-element fontawesome-icon fa-wine-bottle fas circle-yes\" style=\"--awb-circlecolor:#656a70;--awb-circlecolor-hover:#656a70;--awb-circlebordersize:1px;--awb-font-size:44px;--awb-width:88px;--awb-height:88px;--awb-line-height:86px;--awb-margin-top:0;--awb-margin-right:0;--awb-margin-bottom:0;--awb-margin-left:0;--awb-align-self:center;\"><\/i><div class=\"fusion-title title fusion-title-9 fusion-sep-none fusion-title-center fusion-title-text fusion-title-size-three\" style=\"--awb-margin-top-small:8px;--awb-margin-right-small:0px;--awb-margin-bottom-small:16px;--awb-margin-left-small:0px;--awb-font-size:64px;\"><h3 class=\"fusion-title-heading title-heading-center fusion-responsive-typography-calculated\" style=\"margin:0;font-size:1em;--fontSize:64;line-height:1.09;\">50 mil<\/h3><\/div><div class=\"fusion-text fusion-text-6 md-text-align-center sm-text-align-center paragraph-small\"><p style=\"font-size: 14px; line-height: 24px; text-align: center;\" data-fusion-font=\"true\">botellas al a\u00f1o.<\/p>\n<\/div><\/div><\/div><\/div><\/div><div id=\"newsletter\" class=\"fusion-container-anchor\"><div class=\"fusion-fullwidth fullwidth-box fusion-builder-row-5 fusion-flex-container fusion-parallax-none nonhundred-percent-fullwidth non-hundred-percent-height-scrolling\" style=\"--awb-background-position:center top;--awb-border-radius-top-left:0px;--awb-border-radius-top-right:0px;--awb-border-radius-bottom-right:0px;--awb-border-radius-bottom-left:0px;--awb-padding-top:1%;--awb-padding-bottom:1%;--awb-background-color:rgba(24,27,32,0.5);--awb-background-image:url(&quot;https:\/\/cellercanroda.cat\/wp-content\/uploads\/2021\/08\/concurso-paellas-empresas.jpg&quot;);--awb-background-size:cover;--awb-flex-wrap:wrap;\" ><div class=\"fusion-builder-row fusion-row fusion-flex-align-items-flex-start fusion-flex-content-wrap\" style=\"max-width:1320.8px;margin-left: calc(-4% \/ 2 );margin-right: calc(-4% \/ 2 );\"><div class=\"fusion-layout-column fusion_builder_column fusion-builder-column-9 fusion_builder_column_1_2 1_2 fusion-flex-column\" style=\"--awb-bg-size:cover;--awb-width-large:50%;--awb-margin-top-large:25px;--awb-spacing-right-large:6.72%;--awb-margin-bottom-large:25px;--awb-spacing-left-large:3.84%;--awb-width-medium:100%;--awb-spacing-right-medium:1.92%;--awb-spacing-left-medium:1.92%;--awb-width-small:100%;--awb-spacing-right-small:1.92%;--awb-spacing-left-small:1.92%;\"><div class=\"fusion-column-wrapper fusion-column-has-shadow fusion-flex-justify-content-flex-start fusion-content-layout-column\"><div class=\"fusion-title title fusion-title-10 fusion-sep-none fusion-title-text fusion-title-size-six\" style=\"--awb-text-color:#ffffff;--awb-margin-bottom:10px;--awb-margin-top-small:8px;--awb-margin-right-small:0px;--awb-margin-bottom-small:10px;--awb-margin-left-small:0px;\"><h6 class=\"fusion-title-heading title-heading-left fusion-responsive-typography-calculated\" style=\"margin:0;--fontSize:12;--minFontSize:12;line-height:1.72;\">Sigue informado<\/h6><\/div><div class=\"fusion-title title fusion-title-11 fusion-sep-none fusion-title-text fusion-title-size-two\" style=\"--awb-text-color:#ffffff;--awb-margin-top-small:8px;--awb-margin-right-small:0px;--awb-margin-bottom-small:16px;--awb-margin-left-small:0px;\"><h2 class=\"fusion-title-heading title-heading-left fusion-responsive-typography-calculated\" style=\"margin:0;--fontSize:44;line-height:1.26;\">Si quieres recibir descuentos exclusivos <strong>suscr\u00edbete a nuestra newsletter<\/strong><\/h2><\/div><div class=\"fusion-separator fusion-full-width-sep\" style=\"align-self: center;margin-left: auto;margin-right: auto;margin-top:6px;margin-bottom:12px;width:100%;\"><\/div>\n<div class=\"wpcf7 no-js\" id=\"wpcf7-f5388-o1\" lang=\"es-ES\" dir=\"ltr\" data-wpcf7-id=\"5388\">\n<div class=\"screen-reader-response\"><p role=\"status\" aria-live=\"polite\" aria-atomic=\"true\"><\/p> <ul><\/ul><\/div>\n<form action=\"\/es\/wp-json\/wp\/v2\/pages\/4995#wpcf7-f5388-o1\" method=\"post\" class=\"wpcf7-form init\" aria-label=\"Formulario de contacto\" novalidate=\"novalidate\" data-status=\"init\">\n<fieldset class=\"hidden-fields-container\"><input type=\"hidden\" name=\"_wpcf7\" value=\"5388\" \/><input type=\"hidden\" name=\"_wpcf7_version\" value=\"6.1.5\" \/><input type=\"hidden\" name=\"_wpcf7_locale\" value=\"es_ES\" \/><input type=\"hidden\" name=\"_wpcf7_unit_tag\" value=\"wpcf7-f5388-o1\" \/><input type=\"hidden\" name=\"_wpcf7_container_post\" value=\"0\" \/><input type=\"hidden\" name=\"_wpcf7_posted_data_hash\" value=\"\" \/><input type=\"hidden\" name=\"_wpcf7_recaptcha_response\" value=\"\" \/>\n<\/fieldset>\n<div class=\"fusion-layout-column\" style=\"width:calc(60% - 0px); float:left; margin:0 0 7px 0;\">\n\t<p><span class=\"wpcf7-form-control-wrap\" data-name=\"your-email\"><input size=\"40\" maxlength=\"400\" class=\"wpcf7-form-control wpcf7-email wpcf7-validates-as-required wpcf7-text wpcf7-validates-as-email\" aria-required=\"true\" aria-invalid=\"false\" placeholder=\"Introduce tu e-mail*\" value=\"\" type=\"email\" name=\"your-email\" \/><\/span>\n\t<\/p>\n<\/div>\n<div class=\"fusion-layout-column\" style=\"width:calc(40% - 10px); float:left; margin:0 0 7px 0;;\">\n\t<p><input class=\"wpcf7-form-control wpcf7-submit has-spinner fusion-button-span-yes\" id=\"dark-style\" type=\"submit\" value=\"Suscr\u00edbete\" \/>\n\t<\/p>\n<\/div>\n<div style=\"clear:both\">\n<\/div>\n<div class=\"subs-text-style\">\n\t<p><span class=\"wpcf7-form-control-wrap\" data-name=\"acceptance-7\"><span class=\"wpcf7-form-control wpcf7-acceptance\"><span class=\"wpcf7-list-item\"><label><input type=\"checkbox\" name=\"acceptance-7\" value=\"1\" id=\"acceptance_text_style\" aria-invalid=\"false\" \/><span class=\"wpcf7-list-item-label\">Al suscribirte aceptas recibir correos, promociones y mensajes generales de Celler Can Roda. Adem\u00e1s, aceptas tambi\u00e9n nuestra <a href=\"https:\/\/cellercanroda.cat\/es\/politica-de-privacidad\/\">Pol\u00edtica de privacidad<\/a>*<\/p><\/span><\/label><\/span><\/span><\/span>\n\t<\/p>\n<\/div><div class=\"fusion-alert alert custom alert-custom fusion-alert-center wpcf7-response-output fusion-alert-capitalize awb-alert-native-link-color alert-dismissable awb-alert-close-boxed\" style=\"--awb-border-size:1px;--awb-border-top-left-radius:0px;--awb-border-top-right-radius:0px;--awb-border-bottom-left-radius:0px;--awb-border-bottom-right-radius:0px;\" role=\"alert\"><div class=\"fusion-alert-content-wrapper\"><span class=\"fusion-alert-content\"><\/span><\/div><button type=\"button\" class=\"close toggle-alert\" data-dismiss=\"alert\" aria-label=\"Close\">&times;<\/button><\/div>\n<\/form>\n<\/div>\n<\/div><\/div><div class=\"fusion-layout-column fusion_builder_column fusion-builder-column-10 fusion_builder_column_1_2 1_2 fusion-flex-column fusion-no-small-visibility fusion-no-medium-visibility\" style=\"--awb-bg-size:cover;--awb-width-large:50%;--awb-margin-top-large:25px;--awb-spacing-right-large:3.84%;--awb-margin-bottom-large:25px;--awb-spacing-left-large:6.72%;--awb-width-medium:100%;--awb-spacing-right-medium:1.92%;--awb-spacing-left-medium:1.92%;--awb-width-small:100%;--awb-spacing-right-small:1.92%;--awb-spacing-left-small:1.92%;\"><div class=\"fusion-column-wrapper fusion-column-has-shadow fusion-flex-justify-content-flex-start fusion-content-layout-column\"><\/div><\/div><\/div><\/div><\/div>\n<\/p>\n","protected":false},"excerpt":{"rendered":"","protected":false},"author":5,"featured_media":0,"parent":0,"menu_order":0,"comment_status":"closed","ping_status":"closed","template":"100-width.php","meta":{"_acf_changed":false,"footnotes":""},"class_list":["post-4995","page","type-page","status-publish","hentry"],"acf":[],"yoast_head":"<!-- This site is optimized with the Yoast SEO plugin v27.1.1 - https:\/\/yoast.com\/product\/yoast-seo-wordpress\/ -->\n<title>Masia con Historia - Celler Can Roda<\/title>\n<meta name=\"description\" content=\"Nuestras bodegas est\u00e1n situadas en medio de una finca de cuarenta hect\u00e1reas, rodeada de bosque y vi\u00f1edos. \u00a1Entra y descubre la historia de la masia!\" \/>\n<meta name=\"robots\" content=\"index, follow, max-snippet:-1, max-image-preview:large, max-video-preview:-1\" \/>\n<link rel=\"canonical\" href=\"https:\/\/cellercanroda.cat\/es\/masia-can-roda\/\" \/>\n<meta property=\"og:locale\" content=\"es_ES\" \/>\n<meta property=\"og:type\" content=\"article\" \/>\n<meta property=\"og:title\" content=\"Masia con Historia - Celler Can Roda\" \/>\n<meta property=\"og:description\" content=\"Nuestras bodegas est\u00e1n situadas en medio de una finca de cuarenta hect\u00e1reas, rodeada de bosque y vi\u00f1edos. \u00a1Entra y descubre la historia de la masia!\" \/>\n<meta property=\"og:url\" content=\"https:\/\/cellercanroda.cat\/es\/masia-can-roda\/\" \/>\n<meta property=\"og:site_name\" content=\"Celler Can Roda\" \/>\n<meta property=\"article:publisher\" content=\"https:\/\/es-es.facebook.com\/CellerCanRoda\" \/>\n<meta property=\"article:modified_time\" content=\"2024-04-10T16:17:12+00:00\" \/>\n<meta name=\"twitter:card\" content=\"summary_large_image\" \/>\n<meta name=\"twitter:label1\" content=\"Tiempo de lectura\" \/>\n\t<meta name=\"twitter:data1\" content=\"25 minutos\" \/>\n<script type=\"application\/ld+json\" class=\"yoast-schema-graph\">{\"@context\":\"https:\/\/schema.org\",\"@graph\":[{\"@type\":\"WebPage\",\"@id\":\"https:\/\/cellercanroda.cat\/es\/masia-can-roda\/\",\"url\":\"https:\/\/cellercanroda.cat\/es\/masia-can-roda\/\",\"name\":\"Masia con Historia - Celler Can Roda\",\"isPartOf\":{\"@id\":\"https:\/\/cellercanroda.cat\/es\/#website\"},\"datePublished\":\"2020-01-06T15:33:38+00:00\",\"dateModified\":\"2024-04-10T16:17:12+00:00\",\"description\":\"Nuestras bodegas est\u00e1n situadas en medio de una finca de cuarenta hect\u00e1reas, rodeada de bosque y vi\u00f1edos. \u00a1Entra y descubre la historia de la masia!\",\"breadcrumb\":{\"@id\":\"https:\/\/cellercanroda.cat\/es\/masia-can-roda\/#breadcrumb\"},\"inLanguage\":\"es\",\"potentialAction\":[{\"@type\":\"ReadAction\",\"target\":[\"https:\/\/cellercanroda.cat\/es\/masia-can-roda\/\"]}]},{\"@type\":\"BreadcrumbList\",\"@id\":\"https:\/\/cellercanroda.cat\/es\/masia-can-roda\/#breadcrumb\",\"itemListElement\":[{\"@type\":\"ListItem\",\"position\":1,\"name\":\"Inicio\",\"item\":\"https:\/\/cellercanroda.cat\/es\/\"},{\"@type\":\"ListItem\",\"position\":2,\"name\":\"Con\u00f3cenos\"}]},{\"@type\":\"WebSite\",\"@id\":\"https:\/\/cellercanroda.cat\/es\/#website\",\"url\":\"https:\/\/cellercanroda.cat\/es\/\",\"name\":\"Celler Can Roda\",\"description\":\"Vins DO Alella\",\"publisher\":{\"@id\":\"https:\/\/cellercanroda.cat\/es\/#organization\"},\"potentialAction\":[{\"@type\":\"SearchAction\",\"target\":{\"@type\":\"EntryPoint\",\"urlTemplate\":\"https:\/\/cellercanroda.cat\/es\/?s={search_term_string}\"},\"query-input\":{\"@type\":\"PropertyValueSpecification\",\"valueRequired\":true,\"valueName\":\"search_term_string\"}}],\"inLanguage\":\"es\"},{\"@type\":\"Organization\",\"@id\":\"https:\/\/cellercanroda.cat\/es\/#organization\",\"name\":\"Celler Can Roda\",\"url\":\"https:\/\/cellercanroda.cat\/es\/\",\"logo\":{\"@type\":\"ImageObject\",\"inLanguage\":\"es\",\"@id\":\"https:\/\/cellercanroda.cat\/es\/#\/schema\/logo\/image\/\",\"url\":\"https:\/\/cellercanroda.cat\/wp-content\/uploads\/2020\/09\/canroda_logo-scaled.jpg\",\"contentUrl\":\"https:\/\/cellercanroda.cat\/wp-content\/uploads\/2020\/09\/canroda_logo-scaled.jpg\",\"width\":2560,\"height\":1111,\"caption\":\"Celler Can Roda\"},\"image\":{\"@id\":\"https:\/\/cellercanroda.cat\/es\/#\/schema\/logo\/image\/\"},\"sameAs\":[\"https:\/\/es-es.facebook.com\/CellerCanRoda\",\"https:\/\/www.instagram.com\/cellercanroda\/\",\"https:\/\/www.youtube.com\/channel\/UCMkIFqwRPc-Pk1eMPzADxqA\"]}]}<\/script>\n<!-- \/ Yoast SEO plugin. -->","yoast_head_json":{"title":"Masia con Historia - Celler Can Roda","description":"Nuestras bodegas est\u00e1n situadas en medio de una finca de cuarenta hect\u00e1reas, rodeada de bosque y vi\u00f1edos. \u00a1Entra y descubre la historia de la masia!","robots":{"index":"index","follow":"follow","max-snippet":"max-snippet:-1","max-image-preview":"max-image-preview:large","max-video-preview":"max-video-preview:-1"},"canonical":"https:\/\/cellercanroda.cat\/es\/masia-can-roda\/","og_locale":"es_ES","og_type":"article","og_title":"Masia con Historia - Celler Can Roda","og_description":"Nuestras bodegas est\u00e1n situadas en medio de una finca de cuarenta hect\u00e1reas, rodeada de bosque y vi\u00f1edos. \u00a1Entra y descubre la historia de la masia!","og_url":"https:\/\/cellercanroda.cat\/es\/masia-can-roda\/","og_site_name":"Celler Can Roda","article_publisher":"https:\/\/es-es.facebook.com\/CellerCanRoda","article_modified_time":"2024-04-10T16:17:12+00:00","twitter_card":"summary_large_image","twitter_misc":{"Tiempo de lectura":"25 minutos"},"schema":{"@context":"https:\/\/schema.org","@graph":[{"@type":"WebPage","@id":"https:\/\/cellercanroda.cat\/es\/masia-can-roda\/","url":"https:\/\/cellercanroda.cat\/es\/masia-can-roda\/","name":"Masia con Historia - Celler Can Roda","isPartOf":{"@id":"https:\/\/cellercanroda.cat\/es\/#website"},"datePublished":"2020-01-06T15:33:38+00:00","dateModified":"2024-04-10T16:17:12+00:00","description":"Nuestras bodegas est\u00e1n situadas en medio de una finca de cuarenta hect\u00e1reas, rodeada de bosque y vi\u00f1edos. \u00a1Entra y descubre la historia de la masia!","breadcrumb":{"@id":"https:\/\/cellercanroda.cat\/es\/masia-can-roda\/#breadcrumb"},"inLanguage":"es","potentialAction":[{"@type":"ReadAction","target":["https:\/\/cellercanroda.cat\/es\/masia-can-roda\/"]}]},{"@type":"BreadcrumbList","@id":"https:\/\/cellercanroda.cat\/es\/masia-can-roda\/#breadcrumb","itemListElement":[{"@type":"ListItem","position":1,"name":"Inicio","item":"https:\/\/cellercanroda.cat\/es\/"},{"@type":"ListItem","position":2,"name":"Con\u00f3cenos"}]},{"@type":"WebSite","@id":"https:\/\/cellercanroda.cat\/es\/#website","url":"https:\/\/cellercanroda.cat\/es\/","name":"Celler Can Roda","description":"Vins DO Alella","publisher":{"@id":"https:\/\/cellercanroda.cat\/es\/#organization"},"potentialAction":[{"@type":"SearchAction","target":{"@type":"EntryPoint","urlTemplate":"https:\/\/cellercanroda.cat\/es\/?s={search_term_string}"},"query-input":{"@type":"PropertyValueSpecification","valueRequired":true,"valueName":"search_term_string"}}],"inLanguage":"es"},{"@type":"Organization","@id":"https:\/\/cellercanroda.cat\/es\/#organization","name":"Celler Can Roda","url":"https:\/\/cellercanroda.cat\/es\/","logo":{"@type":"ImageObject","inLanguage":"es","@id":"https:\/\/cellercanroda.cat\/es\/#\/schema\/logo\/image\/","url":"https:\/\/cellercanroda.cat\/wp-content\/uploads\/2020\/09\/canroda_logo-scaled.jpg","contentUrl":"https:\/\/cellercanroda.cat\/wp-content\/uploads\/2020\/09\/canroda_logo-scaled.jpg","width":2560,"height":1111,"caption":"Celler Can Roda"},"image":{"@id":"https:\/\/cellercanroda.cat\/es\/#\/schema\/logo\/image\/"},"sameAs":["https:\/\/es-es.facebook.com\/CellerCanRoda","https:\/\/www.instagram.com\/cellercanroda\/","https:\/\/www.youtube.com\/channel\/UCMkIFqwRPc-Pk1eMPzADxqA"]}]}},"_links":{"self":[{"href":"https:\/\/cellercanroda.cat\/es\/wp-json\/wp\/v2\/pages\/4995","targetHints":{"allow":["GET"]}}],"collection":[{"href":"https:\/\/cellercanroda.cat\/es\/wp-json\/wp\/v2\/pages"}],"about":[{"href":"https:\/\/cellercanroda.cat\/es\/wp-json\/wp\/v2\/types\/page"}],"author":[{"embeddable":true,"href":"https:\/\/cellercanroda.cat\/es\/wp-json\/wp\/v2\/users\/5"}],"replies":[{"embeddable":true,"href":"https:\/\/cellercanroda.cat\/es\/wp-json\/wp\/v2\/comments?post=4995"}],"version-history":[{"count":5,"href":"https:\/\/cellercanroda.cat\/es\/wp-json\/wp\/v2\/pages\/4995\/revisions"}],"predecessor-version":[{"id":24847,"href":"https:\/\/cellercanroda.cat\/es\/wp-json\/wp\/v2\/pages\/4995\/revisions\/24847"}],"wp:attachment":[{"href":"https:\/\/cellercanroda.cat\/es\/wp-json\/wp\/v2\/media?parent=4995"}],"curies":[{"name":"wp","href":"https:\/\/api.w.org\/{rel}","templated":true}]}}