{"id":5917,"date":"2021-02-16T00:09:17","date_gmt":"2021-02-15T23:09:17","guid":{"rendered":"https:\/\/cellercanroda.cat\/visita\/enoturisme-tallers-i-cursos\/taller-de-navidad\/"},"modified":"2025-12-02T15:19:34","modified_gmt":"2025-12-02T14:19:34","slug":"taller-de-nadal","status":"publish","type":"page","link":"https:\/\/cellercanroda.cat\/ca\/visita\/enoturisme-tallers-i-cursos\/taller-de-nadal\/","title":{"rendered":"Fira de Nadal"},"content":{"rendered":"<p><div class=\"fusion-fullwidth fullwidth-box fusion-builder-row-1 fusion-flex-container nonhundred-percent-fullwidth non-hundred-percent-height-scrolling\" style=\"--awb-border-sizes-top:0px;--awb-border-sizes-bottom:0px;--awb-border-sizes-left:0px;--awb-border-sizes-right:0px;--awb-border-radius-top-left:0px;--awb-border-radius-top-right:0px;--awb-border-radius-bottom-right:0px;--awb-border-radius-bottom-left:0px;--awb-padding-top:1%;--awb-padding-bottom:1%;--awb-padding-bottom-medium:10px;--awb-flex-wrap:wrap;\" ><div class=\"fusion-builder-row fusion-row fusion-flex-align-items-stretch fusion-flex-content-wrap\" style=\"max-width:1320.8px;margin-left: calc(-4% \/ 2 );margin-right: calc(-4% \/ 2 );\"><div class=\"fusion-layout-column fusion_builder_column fusion-builder-column-0 fusion_builder_column_1_1 1_1 fusion-flex-column fusion-animated\" style=\"--awb-bg-size:cover;--awb-width-large:100%;--awb-margin-top-large:0px;--awb-spacing-right-large:1.92%;--awb-margin-bottom-large:25px;--awb-spacing-left-large:1.92%;--awb-width-medium:100%;--awb-spacing-right-medium:1.92%;--awb-spacing-left-medium:1.92%;--awb-width-small:100%;--awb-spacing-right-small:1.92%;--awb-spacing-left-small:1.92%;\" data-animationType=\"fadeIn\" data-animationDuration=\"1.0\" data-animationOffset=\"top-into-view\"><div class=\"fusion-column-wrapper fusion-column-has-shadow fusion-flex-justify-content-center fusion-content-layout-column\"><div class=\"fusion-title title fusion-title-1 fusion-sep-none fusion-title-text fusion-title-size-six\" style=\"--awb-text-color:#181b20;--awb-margin-bottom:10px;--awb-margin-top-small:8px;--awb-margin-right-small:0px;--awb-margin-bottom-small:10px;--awb-margin-left-small:0px;\"><h6 class=\"fusion-title-heading title-heading-left fusion-responsive-typography-calculated\" style=\"margin:0;letter-spacing:2px;--fontSize:12;--minFontSize:12;line-height:2.33;\">Turisme sostenible<\/h6><\/div><div class=\"fusion-title title fusion-title-2 fusion-sep-none fusion-title-text fusion-title-size-one\" style=\"--awb-margin-bottom:30px;--awb-margin-top-small:8px;--awb-margin-right-small:0px;--awb-margin-bottom-small:16px;--awb-margin-left-small:0px;\"><h1 class=\"fusion-title-heading title-heading-left fusion-responsive-typography-calculated\" style=\"margin:0;--fontSize:40;line-height:1.2;\">Fira de Nadal al celler<\/h1><\/div><\/div><\/div><\/div><\/div><div class=\"fusion-fullwidth fullwidth-box fusion-builder-row-2 fusion-flex-container nonhundred-percent-fullwidth non-hundred-percent-height-scrolling\" style=\"--awb-border-radius-top-left:0px;--awb-border-radius-top-right:0px;--awb-border-radius-bottom-right:0px;--awb-border-radius-bottom-left:0px;--awb-padding-top:3%;--awb-padding-bottom:3%;--awb-background-color:#fafafa;--awb-flex-wrap:wrap;\" ><div class=\"fusion-builder-row fusion-row fusion-flex-align-items-center fusion-flex-content-wrap\" style=\"max-width:1320.8px;margin-left: calc(-4% \/ 2 );margin-right: calc(-4% \/ 2 );\"><div class=\"fusion-layout-column fusion_builder_column fusion-builder-column-1 fusion_builder_column_1_2 1_2 fusion-flex-column\" style=\"--awb-padding-top:20px;--awb-padding-right:20px;--awb-padding-bottom:20px;--awb-padding-left:20px;--awb-bg-color:#ffffff;--awb-bg-color-hover:#ffffff;--awb-bg-size:cover;--awb-width-large:50%;--awb-margin-top-large:25px;--awb-spacing-right-large:3.84%;--awb-margin-bottom-large:25px;--awb-spacing-left-large:3.84%;--awb-width-medium:100%;--awb-order-medium:1;--awb-spacing-right-medium:1.92%;--awb-spacing-left-medium:1.92%;--awb-width-small:100%;--awb-order-small:0;--awb-spacing-right-small:1.92%;--awb-spacing-left-small:1.92%;\"><div class=\"fusion-column-wrapper fusion-column-has-shadow fusion-flex-justify-content-flex-start fusion-content-layout-column\"><div class=\"fusion-title title fusion-title-3 fusion-sep-none fusion-title-text fusion-title-size-five\" style=\"--awb-margin-top-small:8px;--awb-margin-right-small:0px;--awb-margin-bottom-small:16px;--awb-margin-left-small:0px;\"><h5 class=\"fusion-title-heading title-heading-left fusion-responsive-typography-calculated\" style=\"margin:0;--fontSize:18;--minFontSize:18;line-height:1.68;\">L&#8217;entrada general inclou:<\/h5><\/div><ul style=\"--awb-size:16px;--awb-line-height:27.2px;--awb-icon-width:27.2px;--awb-icon-height:27.2px;--awb-icon-margin:11.2px;--awb-content-margin:38.4px;\" class=\"fusion-checklist fusion-checklist-1 fusion-checklist-default type-icons\"><li class=\"fusion-li-item\" style=\"\"><span class=\"icon-wrapper circle-no\"><i class=\"fusion-li-icon fa-wine-glass-alt fas\" aria-hidden=\"true\"><\/i><\/span><div class=\"fusion-li-item-content\">Degustaci\u00f3 d&#8217;una copa de benvinguda<\/div><\/li><li class=\"fusion-li-item\" style=\"\"><span class=\"icon-wrapper circle-no\"><i class=\"fusion-li-icon fa-leaf fas\" aria-hidden=\"true\"><\/i><\/span><div class=\"fusion-li-item-content\">Passeig per les vinyes<\/div><\/li><li class=\"fusion-li-item\" style=\"\"><span class=\"icon-wrapper circle-no\"><i class=\"fusion-li-icon fa-store fas\" aria-hidden=\"true\"><\/i><\/span><div class=\"fusion-li-item-content\">Paradetes de venta de productes nadalencs km 0<\/div><\/li><li class=\"fusion-li-item\" style=\"\"><span class=\"icon-wrapper circle-no\"><i class=\"fusion-li-icon fa-gifts fas\" aria-hidden=\"true\"><\/i><\/span><div class=\"fusion-li-item-content\">Paradeta de venta de lots de vi Can Roda<\/div><\/li><li class=\"fusion-li-item\" style=\"\"><span class=\"icon-wrapper circle-no\"><i class=\"fusion-li-icon fa-tree fas\" aria-hidden=\"true\"><\/i><\/span><div class=\"fusion-li-item-content\">Taller de muntatges nadalencs &#8211; Tot el dia<\/div><\/li><li class=\"fusion-li-item\" style=\"\"><span class=\"icon-wrapper circle-no\"><i class=\"fusion-li-icon fa-music fas\" aria-hidden=\"true\"><\/i><\/span><div class=\"fusion-li-item-content\">Cantata de nadales &#8211; A les 12h<\/div><\/li><li class=\"fusion-li-item\" style=\"\"><span class=\"icon-wrapper circle-no\"><i class=\"fusion-li-icon fa-award fas\" aria-hidden=\"true\"><\/i><\/span><div class=\"fusion-li-item-content\">\n<p>Sorteig d&#8217;1 lot de vi especial &#8211; A les 14h<\/p>\n<\/div><\/li><\/ul><div class=\"fusion-separator fusion-full-width-sep\" style=\"align-self: center;margin-left: auto;margin-right: auto;flex-grow:1;margin-top:10px;margin-bottom:10px;width:100%;\"><\/div><div class=\"fusion-text fusion-text-1\"><p>Activitats addicionals on cal reserva pr\u00e8via a trav\u00e9s de la botiga online:<\/p>\n<\/div><ul style=\"--awb-size:16px;--awb-line-height:27.2px;--awb-icon-width:27.2px;--awb-icon-height:27.2px;--awb-icon-margin:11.2px;--awb-content-margin:38.4px;\" class=\"fusion-checklist fusion-checklist-2 fusion-checklist-default type-icons\"><li class=\"fusion-li-item\" style=\"\"><span class=\"icon-wrapper circle-no\"><i class=\"fusion-li-icon fa-cookie-bite fas\" aria-hidden=\"true\"><\/i><\/span><div class=\"fusion-li-item-content\">\n<p>A les 12:30h &#8211; <a href=\"https:\/\/cellercanroda.cat\/ca\/botiga\/experiencies-enologiques\/taller-maridatge-de-vins-i-torrons\/\">Tast de vins i torrons*<\/a><\/p>\n<\/div><\/li><\/ul><div ><a class=\"fusion-button button-flat fusion-button-default-size button-default fusion-button-default button-1 fusion-button-default-span fusion-button-default-type\" target=\"_self\" href=\"https:\/\/cellercanroda.cat\/ca\/botiga\/experiencies-enologiques\/taller-maridatge-de-vins-i-torrons\/\"><span class=\"fusion-button-text awb-button__text awb-button__text--default\">Reserva el tast<\/span><\/a><\/div><div class=\"fusion-separator fusion-full-width-sep\" style=\"align-self: center;margin-left: auto;margin-right: auto;flex-grow:1;margin-top:10px;margin-bottom:10px;width:100%;\"><\/div><\/div><\/div><div class=\"fusion-layout-column fusion_builder_column fusion-builder-column-2 fusion_builder_column_1_2 1_2 fusion-flex-column\" style=\"--awb-padding-top:20px;--awb-padding-right:20px;--awb-padding-bottom:20px;--awb-padding-left:20px;--awb-bg-color:#ffffff;--awb-bg-color-hover:#ffffff;--awb-bg-size:cover;--awb-width-large:50%;--awb-margin-top-large:25px;--awb-spacing-right-large:3.84%;--awb-margin-bottom-large:25px;--awb-spacing-left-large:3.84%;--awb-width-medium:100%;--awb-order-medium:2;--awb-spacing-right-medium:1.92%;--awb-spacing-left-medium:1.92%;--awb-width-small:100%;--awb-order-small:0;--awb-spacing-right-small:1.92%;--awb-spacing-left-small:1.92%;\"><div class=\"fusion-column-wrapper fusion-column-has-shadow fusion-flex-justify-content-flex-start fusion-content-layout-column\"><div class=\"fusion-title title fusion-title-4 fusion-sep-none fusion-title-text fusion-title-size-five\" style=\"--awb-margin-top-small:8px;--awb-margin-right-small:0px;--awb-margin-bottom-small:16px;--awb-margin-left-small:0px;\"><h5 class=\"fusion-title-heading title-heading-left fusion-responsive-typography-calculated\" style=\"margin:0;--fontSize:18;--minFontSize:18;line-height:1.68;\">Detalls de l&#8217;activitat:<\/h5><\/div><ul style=\"--awb-size:16px;--awb-iconcolor:#fafafa;--awb-line-height:27.2px;--awb-icon-width:27.2px;--awb-icon-height:27.2px;--awb-icon-margin:11.2px;--awb-content-margin:38.4px;--awb-circlecolor:#656a70;--awb-circle-yes-font-size:14.08px;\" class=\"fusion-checklist fusion-checklist-3 fusion-checklist-default type-icons\"><li class=\"fusion-li-item\" style=\"\"><span class=\"icon-wrapper circle-yes\"><i class=\"fusion-li-icon fa-globe fas\" aria-hidden=\"true\"><\/i><\/span><div class=\"fusion-li-item-content\">Idiomes: catal\u00e0, castell\u00e0, i angl\u00e8s<\/div><\/li><li class=\"fusion-li-item\" style=\"\"><span class=\"icon-wrapper circle-yes\"><i class=\"fusion-li-icon fa-calendar-check fas\" aria-hidden=\"true\"><\/i><\/span><div class=\"fusion-li-item-content\">\n<p>Dia: Desembre. (Consulta la data exacta a la botiga)<\/p>\n<\/div><\/li><li class=\"fusion-li-item\" style=\"\"><span class=\"icon-wrapper circle-yes\"><i class=\"fusion-li-icon fa-stopwatch fas\" aria-hidden=\"true\"><\/i><\/span><div class=\"fusion-li-item-content\">Durada: De 10 a 14:30h<\/div><\/li><\/ul><div class=\"fusion-separator fusion-full-width-sep\" style=\"align-self: center;margin-left: auto;margin-right: auto;margin-top:10px;margin-bottom:10px;width:100%;\"><\/div><div class=\"fusion-text fusion-text-2\"><p>*Els que comprin l&#8217;entrada a les activitats senyalades no cal que comprin l&#8217;entrada general.<\/p>\n<\/div><div style=\"text-align:center;\"><a class=\"fusion-button button-flat fusion-button-default-size button-default fusion-button-default button-2 fusion-button-default-span fusion-button-default-type\" target=\"_self\" href=\"https:\/\/cellercanroda.cat\/ca\/botiga\/experiencies-enologiques\/fira-de-nadal\/\"><span class=\"fusion-button-text awb-button__text awb-button__text--default\">Reserva l&#x27;entrada general<\/span><\/a><\/div><\/div><\/div><\/div><\/div><div class=\"fusion-fullwidth fullwidth-box fusion-builder-row-3 fusion-flex-container nonhundred-percent-fullwidth non-hundred-percent-height-scrolling\" style=\"--awb-border-radius-top-left:0px;--awb-border-radius-top-right:0px;--awb-border-radius-bottom-right:0px;--awb-border-radius-bottom-left:0px;--awb-padding-top:3%;--awb-padding-bottom:3%;--awb-flex-wrap:wrap;\" ><div class=\"fusion-builder-row fusion-row fusion-flex-align-items-center fusion-flex-content-wrap\" style=\"max-width:1320.8px;margin-left: calc(-4% \/ 2 );margin-right: calc(-4% \/ 2 );\"><div class=\"fusion-layout-column fusion_builder_column fusion-builder-column-3 fusion_builder_column_1_2 1_2 fusion-flex-column\" style=\"--awb-bg-size:cover;--awb-width-large:50%;--awb-margin-top-large:25px;--awb-spacing-right-large:3.84%;--awb-margin-bottom-large:25px;--awb-spacing-left-large:3.84%;--awb-width-medium:100%;--awb-order-medium:0;--awb-spacing-right-medium:1.92%;--awb-spacing-left-medium:1.92%;--awb-width-small:100%;--awb-order-small:0;--awb-spacing-right-small:1.92%;--awb-spacing-left-small:1.92%;\"><div class=\"fusion-column-wrapper fusion-column-has-shadow fusion-flex-justify-content-flex-start fusion-content-layout-column\"><div class=\"fusion-title title fusion-title-5 fusion-sep-none fusion-title-text fusion-title-size-two\" style=\"--awb-margin-top-small:8px;--awb-margin-right-small:0px;--awb-margin-bottom-small:16px;--awb-margin-left-small:0px;\"><h2 class=\"fusion-title-heading title-heading-left fusion-responsive-typography-calculated\" style=\"margin:0;--fontSize:38;line-height:1.26;\">Participa a la nostra fira nadalenca<\/h2><\/div><div class=\"fusion-text fusion-text-3\"><p>Abans que comenci el Nadal, et proposem passar un mat\u00ed al celler per gaudir dels nostres vins i realitzar activitats \u00faniques en aquesta \u00e9poca de l&#8217;any: tasts de vins i torrons, cursos de cuina nadalenca o tallers de creaci\u00f3 d&#8217;un muntatge nadalenc. En el nostre mercat de Nadal tenim una proposta completa d&#8217;activitats per a tota la fam\u00edlia. Un mercat \u00fanic on poder gaudir dels millors vins, escumosos i productes de proximitat per a aquestes festes i que us sorprendran per la seva gran qualitat.<\/p>\n<p>Un mercat de Nadal singular on la viticultura, la gastronomia i la natura es conjuren a la perfecci\u00f3 per convertir-se en la millor proposta del mes de desembre.<br \/>\nAll\u00e0 tamb\u00e9 hi podr\u00e0s trobar els nostres lots de vi per regalar aquestes festes amb descomptes especials. El demanes i te&#8217;l emportes al moment!<\/p>\n<p>Podr\u00e0s participar en degustacions, cursos i tallers infantils en un entorn id\u00edl\u00b7lic de vinyes i natura. A m\u00e9s del taller de cuina nadalenca a Barcelona, \u200b\u200bet recomanem participar en el nostre <a href=\"https:\/\/cellercanroda.cat\/ca\/visita\/enoturisme-tallers-i-cursos\/curs-de-cuina\/\">curs de cuina entre vinyes<\/a> a Barcelona i el nostre <a href=\"https:\/\/cellercanroda.cat\/ca\/visita\/enoturisme-tallers-i-cursos\/curs-de-plantes-comestibles-i-maridatge-de-vins\/\">taller de plantes comestibles<\/a> que duem a terme al llarg de tot l&#8217;any. A qu\u00e8 esperes?<\/p>\n<\/div><\/div><\/div><div class=\"fusion-layout-column fusion_builder_column fusion-builder-column-4 fusion_builder_column_1_2 1_2 fusion-flex-column\" style=\"--awb-bg-size:cover;--awb-width-large:50%;--awb-margin-top-large:25px;--awb-spacing-right-large:3.84%;--awb-margin-bottom-large:25px;--awb-spacing-left-large:3.84%;--awb-width-medium:100%;--awb-order-medium:0;--awb-spacing-right-medium:1.92%;--awb-spacing-left-medium:1.92%;--awb-width-small:100%;--awb-order-small:0;--awb-spacing-right-small:1.92%;--awb-spacing-left-small:1.92%;\"><div class=\"fusion-column-wrapper fusion-column-has-shadow fusion-flex-justify-content-center fusion-content-layout-row\"><div class=\"fusion-image-element \" style=\"--awb-max-width:500px;--awb-caption-title-font-family:var(--h2_typography-font-family);--awb-caption-title-font-weight:var(--h2_typography-font-weight);--awb-caption-title-font-style:var(--h2_typography-font-style);--awb-caption-title-size:var(--h2_typography-font-size);--awb-caption-title-transform:var(--h2_typography-text-transform);--awb-caption-title-line-height:var(--h2_typography-line-height);--awb-caption-title-letter-spacing:var(--h2_typography-letter-spacing);\"><span class=\" fusion-imageframe imageframe-none imageframe-1 hover-type-zoomin\"><img decoding=\"async\" width=\"1080\" height=\"720\" alt=\"ioga entre vinedos - Celler Can Roda\" title=\"ioga entre vinedos\" src=\"data:image\/svg+xml,%3Csvg%20xmlns%3D%27http%3A%2F%2Fwww.w3.org%2F2000%2Fsvg%27%20width%3D%271080%27%20height%3D%27720%27%20viewBox%3D%270%200%201080%20720%27%3E%3Crect%20width%3D%271080%27%20height%3D%27720%27%20fill-opacity%3D%220%22%2F%3E%3C%2Fsvg%3E\" data-orig-src=\"https:\/\/cellercanroda.cat\/wp-content\/uploads\/2021\/02\/ioga-entre-vinedos.jpg\" class=\"lazyload img-responsive wp-image-5725\"\/><\/span><\/div><\/div><\/div><\/div><\/div><div class=\"fusion-fullwidth fullwidth-box fusion-builder-row-4 fusion-flex-container nonhundred-percent-fullwidth non-hundred-percent-height-scrolling\" style=\"--awb-border-radius-top-left:0px;--awb-border-radius-top-right:0px;--awb-border-radius-bottom-right:0px;--awb-border-radius-bottom-left:0px;--awb-padding-top:3%;--awb-padding-bottom:3%;--awb-flex-wrap:wrap;\" ><div class=\"fusion-builder-row fusion-row fusion-flex-align-items-center fusion-flex-content-wrap\" style=\"max-width:1320.8px;margin-left: calc(-4% \/ 2 );margin-right: calc(-4% \/ 2 );\"><div class=\"fusion-layout-column fusion_builder_column fusion-builder-column-5 fusion_builder_column_1_2 1_2 fusion-flex-column\" style=\"--awb-bg-size:cover;--awb-width-large:50%;--awb-margin-top-large:25px;--awb-spacing-right-large:3.84%;--awb-margin-bottom-large:25px;--awb-spacing-left-large:3.84%;--awb-width-medium:100%;--awb-order-medium:2;--awb-spacing-right-medium:1.92%;--awb-spacing-left-medium:1.92%;--awb-width-small:100%;--awb-order-small:2;--awb-spacing-right-small:1.92%;--awb-spacing-left-small:1.92%;\"><div class=\"fusion-column-wrapper fusion-column-has-shadow fusion-flex-justify-content-flex-start fusion-content-layout-column\"><div class=\"fusion-image-element \" style=\"--awb-caption-title-font-family:var(--h2_typography-font-family);--awb-caption-title-font-weight:var(--h2_typography-font-weight);--awb-caption-title-font-style:var(--h2_typography-font-style);--awb-caption-title-size:var(--h2_typography-font-size);--awb-caption-title-transform:var(--h2_typography-text-transform);--awb-caption-title-line-height:var(--h2_typography-line-height);--awb-caption-title-letter-spacing:var(--h2_typography-letter-spacing);\"><span class=\" fusion-imageframe imageframe-none imageframe-2 hover-type-zoomin\"><img decoding=\"async\" width=\"2560\" height=\"1920\" alt=\"curso montaje navide\u00f1o - Celler Can Roda\" title=\"curso montaje navideno\" src=\"data:image\/svg+xml,%3Csvg%20xmlns%3D%27http%3A%2F%2Fwww.w3.org%2F2000%2Fsvg%27%20width%3D%272560%27%20height%3D%271920%27%20viewBox%3D%270%200%202560%201920%27%3E%3Crect%20width%3D%272560%27%20height%3D%271920%27%20fill-opacity%3D%220%22%2F%3E%3C%2Fsvg%3E\" data-orig-src=\"https:\/\/cellercanroda.cat\/wp-content\/uploads\/2021\/02\/curso-montaje-navideno-scaled.jpg\" class=\"lazyload img-responsive wp-image-5870\"\/><\/span><\/div><\/div><\/div><div class=\"fusion-layout-column fusion_builder_column fusion-builder-column-6 fusion_builder_column_1_2 1_2 fusion-flex-column\" style=\"--awb-bg-size:cover;--awb-width-large:50%;--awb-margin-top-large:25px;--awb-spacing-right-large:3.84%;--awb-margin-bottom-large:25px;--awb-spacing-left-large:3.84%;--awb-width-medium:100%;--awb-order-medium:0;--awb-spacing-right-medium:1.92%;--awb-spacing-left-medium:1.92%;--awb-width-small:100%;--awb-order-small:0;--awb-spacing-right-small:1.92%;--awb-spacing-left-small:1.92%;\"><div class=\"fusion-column-wrapper fusion-column-has-shadow fusion-flex-justify-content-flex-start fusion-content-layout-column\"><div class=\"fusion-title title fusion-title-6 fusion-sep-none fusion-title-text fusion-title-size-two\" style=\"--awb-margin-top-small:8px;--awb-margin-right-small:0px;--awb-margin-bottom-small:16px;--awb-margin-left-small:0px;\"><h2 class=\"fusion-title-heading title-heading-left fusion-responsive-typography-calculated\" style=\"margin:0;--fontSize:38;line-height:1.26;\">Com \u00e9s la fira de Nadal de Can Roda?<\/h2><\/div><div class=\"fusion-text fusion-text-4\"><p>Aquest divertit festival per als sentits que organitzem en un dels moments m\u00e9s c\u00e8lebres del nostre calendari es converteix en tota una festa. Entre les activitats, trobar\u00e0s els nostres showcookings de turrons, polvorons i melmelades de Barcelona, \u200b\u200bun esdeveniment incre\u00efble en el qual aprendr\u00e0s a elaborar receptes per a les festes i en el qual descobrir\u00e0s t\u00e8cniques, productes i idees que et faran brillar com mai en les teves celebracions. Tamb\u00e9 podr\u00e0s gaudir d&#8217;un mat\u00ed en plena natura amb un bon vi i una tapa tot escoltant nadales en directe.<\/p>\n<p>A m\u00e9s, visitar\u00e0s el nostre celler, coneixer\u00e0s les propietats del nostre terreny, el Saul\u00f3, la nostra varietat aut\u00f2ctona, la Pansa Blanca i la hist\u00f2ria de la nostra masia modernista.<\/p>\n<\/div><div class=\"accordian fusion-accordian\" style=\"--awb-border-size:1px;--awb-icon-size:14px;--awb-content-font-size:16px;--awb-icon-alignment:right;--awb-hover-color:rgba(250,250,250,0.1);--awb-border-color:#ffffff;--awb-background-color:#ffffff;--awb-divider-color:rgba(40,45,51,0.1);--awb-divider-hover-color:rgba(40,45,51,0.1);--awb-icon-color:#ffffff;--awb-title-color:#181b20;--awb-content-color:#656a70;--awb-icon-box-color:#181b20;--awb-toggle-hover-accent-color:#181b20;--awb-title-font-family:&quot;Work Sans&quot;;--awb-title-font-weight:300;--awb-title-font-style:normal;--awb-title-font-size:14px;--awb-content-font-family:&quot;Work Sans&quot;;--awb-content-font-style:normal;--awb-content-font-weight:400;\"><div class=\"panel-group fusion-toggle-icon-right fusion-toggle-icon-boxed\" id=\"accordion-5917-1\"><div class=\"fusion-panel panel-default panel-2ac9d393f88c3897c fusion-toggle-no-divider fusion-toggle-boxed-mode\"><div class=\"panel-heading\"><h4 class=\"panel-title toggle\" id=\"toggle_2ac9d393f88c3897c\"><a aria-expanded=\"false\" aria-controls=\"2ac9d393f88c3897c\" role=\"button\" data-toggle=\"collapse\" data-target=\"#2ac9d393f88c3897c\" href=\"#2ac9d393f88c3897c\"><span class=\"fusion-toggle-icon-wrapper\" aria-hidden=\"true\"><i class=\"fa-fusion-box active-icon awb-icon-minus\" aria-hidden=\"true\"><\/i><i class=\"fa-fusion-box inactive-icon awb-icon-plus\" aria-hidden=\"true\"><\/i><\/span><span class=\"fusion-toggle-heading\">segueix llegint<\/span><\/a><\/h4><\/div><div id=\"2ac9d393f88c3897c\" class=\"panel-collapse collapse \" aria-labelledby=\"toggle_2ac9d393f88c3897c\"><div class=\"panel-body toggle-content fusion-clearfix\">Al participar en el nostre showcooking de cuina de Nadal a Barcelona tamb\u00e9 podr\u00e1s visitar el nostre mercat nadalenc, perfecte per escollir els millors productes per als teus men\u00fas i per les teves festes, a m\u00e9s de gaudir de moltes activitats que faran que tu i la teva fam\u00edlia passeu un dia inoblidable a la nostra masia envoltada de boscos i vinyes.<\/p>\n<p>Si vols aprendre a cuinar receptes de Nadal ideals, divertir-te amb els teus \u00e9ssers estimats i con\u00e8ixer productes de la nostra terra de qualitat perfectes per a les festes nadalenques, no et perdis el nostre taller de cuina nadalenca a Barcelona.<\/div><\/div><\/div><\/div><\/div><\/div><\/div><\/div><\/div><div class=\"fusion-fullwidth fullwidth-box fusion-builder-row-5 fusion-flex-container nonhundred-percent-fullwidth non-hundred-percent-height-scrolling\" style=\"--awb-border-radius-top-left:0px;--awb-border-radius-top-right:0px;--awb-border-radius-bottom-right:0px;--awb-border-radius-bottom-left:0px;--awb-padding-top:3%;--awb-padding-bottom:3%;--awb-flex-wrap:wrap;\" ><div class=\"fusion-builder-row fusion-row fusion-flex-align-items-center fusion-flex-content-wrap\" style=\"max-width:1320.8px;margin-left: calc(-4% \/ 2 );margin-right: calc(-4% \/ 2 );\"><div class=\"fusion-layout-column fusion_builder_column fusion-builder-column-7 fusion_builder_column_1_2 1_2 fusion-flex-column\" style=\"--awb-padding-top:20px;--awb-bg-size:cover;--awb-width-large:50%;--awb-margin-top-large:25px;--awb-spacing-right-large:3.84%;--awb-margin-bottom-large:25px;--awb-spacing-left-large:3.84%;--awb-width-medium:100%;--awb-order-medium:1;--awb-spacing-right-medium:1.92%;--awb-spacing-left-medium:1.92%;--awb-width-small:100%;--awb-order-small:0;--awb-spacing-right-small:1.92%;--awb-spacing-left-small:1.92%;\"><div class=\"fusion-column-wrapper fusion-column-has-shadow fusion-flex-justify-content-flex-start fusion-content-layout-column\"><div class=\"fusion-title title fusion-title-7 fusion-sep-none fusion-title-text fusion-title-size-two\" style=\"--awb-margin-bottom:30px;--awb-margin-top-small:8px;--awb-margin-right-small:0px;--awb-margin-bottom-small:16px;--awb-margin-left-small:0px;\"><h2 class=\"fusion-title-heading title-heading-left fusion-responsive-typography-calculated\" style=\"margin:0;--fontSize:38;line-height:1.26;\">Gaudeix del nostre taller de cuina nadalenca a Barcelona<\/h2><\/div><div class=\"fusion-text fusion-text-5\"><p>Busques sorprendre a la teva fam\u00edlia i amics per Nadal? Et ve de gust ser l&#8217;enveja de tots elaborant un men\u00fa nadalenc digne dels millors xefs? Si \u00e9s aix\u00ed, no et perdis el nostre taller de cuina nadalenca a Can Roda. Tamb\u00e9 podr\u00e0s decorar la taula amb els muntatges nadalencs que aprendr\u00e0s a fer en el nostre taller.<\/p>\n<p>En el nostre taller coneixer\u00e0s t\u00e8cniques culin\u00e0ries i aprendr\u00e0s a preparar els m\u00e9s deliciosos plats per elaborar el men\u00fa de Nadal perfecte. A m\u00e9s, el nostre celler es troba a 20 minuts de Barcelona amb el que no haur\u00e0s de despla\u00e7ar massa lluny.<\/p>\n<p>Aquesta activitat s&#8217;engloba dins de mercat de Nadal que organitzem i on duem a terme activitats per a tota la fam\u00edlia. A la teva visita podr\u00e0s tastar els nostres magn\u00edfics vins DO Alella i productes de proximitat que denoten la qualitat de la nostra gastronomia aut\u00f2ctona, i combinar-lo amb els nous plats que hagis apr\u00e8s en el nostre taller de cuina nadalenca a Barcelona. <\/p>\n<\/div><\/div><\/div><div class=\"fusion-layout-column fusion_builder_column fusion-builder-column-8 fusion_builder_column_1_2 1_2 fusion-flex-column\" style=\"--awb-bg-size:cover;--awb-width-large:50%;--awb-margin-top-large:25px;--awb-spacing-right-large:3.84%;--awb-margin-bottom-large:25px;--awb-spacing-left-large:3.84%;--awb-width-medium:100%;--awb-order-medium:2;--awb-spacing-right-medium:1.92%;--awb-spacing-left-medium:1.92%;--awb-width-small:100%;--awb-order-small:0;--awb-spacing-right-small:1.92%;--awb-spacing-left-small:1.92%;\"><div class=\"fusion-column-wrapper fusion-column-has-shadow fusion-flex-justify-content-flex-start fusion-content-layout-column\"><div class=\"fusion-image-element \" style=\"--awb-caption-title-font-family:var(--h2_typography-font-family);--awb-caption-title-font-weight:var(--h2_typography-font-weight);--awb-caption-title-font-style:var(--h2_typography-font-style);--awb-caption-title-size:var(--h2_typography-font-size);--awb-caption-title-transform:var(--h2_typography-text-transform);--awb-caption-title-line-height:var(--h2_typography-line-height);--awb-caption-title-letter-spacing:var(--h2_typography-letter-spacing);\"><span class=\" fusion-imageframe imageframe-none imageframe-3 hover-type-zoomin\"><img decoding=\"async\" width=\"7952\" height=\"5304\" alt=\"curso cocina navidad dulce - Celler Can Roda\" title=\"curso cocina navidad\" src=\"data:image\/svg+xml,%3Csvg%20xmlns%3D%27http%3A%2F%2Fwww.w3.org%2F2000%2Fsvg%27%20width%3D%277952%27%20height%3D%275304%27%20viewBox%3D%270%200%207952%205304%27%3E%3Crect%20width%3D%277952%27%20height%3D%275304%27%20fill-opacity%3D%220%22%2F%3E%3C%2Fsvg%3E\" data-orig-src=\"https:\/\/cellercanroda.cat\/wp-content\/uploads\/2021\/02\/curso-cocina-navidad.jpg\" class=\"lazyload img-responsive wp-image-5868\"\/><\/span><\/div><\/div><\/div><\/div><\/div><\/p>\n","protected":false},"excerpt":{"rendered":"","protected":false},"author":2,"featured_media":0,"parent":5807,"menu_order":0,"comment_status":"closed","ping_status":"closed","template":"100-width.php","meta":{"_acf_changed":false,"footnotes":""},"class_list":["post-5917","page","type-page","status-publish","hentry"],"acf":[],"yoast_head":"<!-- This site is optimized with the Yoast SEO plugin v27.1.1 - https:\/\/yoast.com\/product\/yoast-seo-wordpress\/ -->\n<title>Fira de Nadal al celler Barcelona - Celler Can Roda<\/title>\n<meta name=\"description\" content=\"Vols apendre a cuinar les millors receptes o a preparar bonics montatges nadalencs? Vine a la nostra fira de Nadal a gaudir d&#039;un mat\u00ed diferent!\" \/>\n<meta name=\"robots\" content=\"index, follow, max-snippet:-1, max-image-preview:large, max-video-preview:-1\" \/>\n<link rel=\"canonical\" href=\"https:\/\/cellercanroda.cat\/ca\/visita\/enoturisme-tallers-i-cursos\/taller-de-nadal\/\" \/>\n<meta property=\"og:locale\" content=\"ca_ES\" \/>\n<meta property=\"og:type\" content=\"article\" \/>\n<meta property=\"og:title\" content=\"Fira de Nadal al celler Barcelona - Celler Can Roda\" \/>\n<meta property=\"og:description\" content=\"Vols apendre a cuinar les millors receptes o a preparar bonics montatges nadalencs? Vine a la nostra fira de Nadal a gaudir d&#039;un mat\u00ed diferent!\" \/>\n<meta property=\"og:url\" content=\"https:\/\/cellercanroda.cat\/ca\/visita\/enoturisme-tallers-i-cursos\/taller-de-nadal\/\" \/>\n<meta property=\"og:site_name\" content=\"Celler Can Roda\" \/>\n<meta property=\"article:publisher\" content=\"https:\/\/es-es.facebook.com\/CellerCanRoda\" \/>\n<meta property=\"article:modified_time\" content=\"2025-12-02T14:19:34+00:00\" \/>\n<meta name=\"twitter:card\" content=\"summary_large_image\" \/>\n<meta name=\"twitter:label1\" content=\"Temps estimat de lectura\" \/>\n\t<meta name=\"twitter:data1\" content=\"5 minuts\" \/>\n<script type=\"application\/ld+json\" class=\"yoast-schema-graph\">{\"@context\":\"https:\/\/schema.org\",\"@graph\":[{\"@type\":\"WebPage\",\"@id\":\"https:\/\/cellercanroda.cat\/ca\/visita\/enoturisme-tallers-i-cursos\/taller-de-nadal\/\",\"url\":\"https:\/\/cellercanroda.cat\/ca\/visita\/enoturisme-tallers-i-cursos\/taller-de-nadal\/\",\"name\":\"Fira de Nadal al celler Barcelona - Celler Can Roda\",\"isPartOf\":{\"@id\":\"https:\/\/cellercanroda.cat\/ca\/#website\"},\"datePublished\":\"2021-02-15T23:09:17+00:00\",\"dateModified\":\"2025-12-02T14:19:34+00:00\",\"description\":\"Vols apendre a cuinar les millors receptes o a preparar bonics montatges nadalencs? Vine a la nostra fira de Nadal a gaudir d'un mat\u00ed diferent!\",\"breadcrumb\":{\"@id\":\"https:\/\/cellercanroda.cat\/ca\/visita\/enoturisme-tallers-i-cursos\/taller-de-nadal\/#breadcrumb\"},\"inLanguage\":\"ca\",\"potentialAction\":[{\"@type\":\"ReadAction\",\"target\":[\"https:\/\/cellercanroda.cat\/ca\/visita\/enoturisme-tallers-i-cursos\/taller-de-nadal\/\"]}]},{\"@type\":\"BreadcrumbList\",\"@id\":\"https:\/\/cellercanroda.cat\/ca\/visita\/enoturisme-tallers-i-cursos\/taller-de-nadal\/#breadcrumb\",\"itemListElement\":[{\"@type\":\"ListItem\",\"position\":1,\"name\":\"Inicio\",\"item\":\"https:\/\/cellercanroda.cat\/ca\/\"},{\"@type\":\"ListItem\",\"position\":2,\"name\":\"Visita\",\"item\":\"https:\/\/cellercanroda.cat\/ca\/visita\/\"},{\"@type\":\"ListItem\",\"position\":3,\"name\":\"Tallers i cursos de vi\",\"item\":\"https:\/\/cellercanroda.cat\/ca\/visita\/enoturisme-tallers-i-cursos\/\"},{\"@type\":\"ListItem\",\"position\":4,\"name\":\"Fira de Nadal\"}]},{\"@type\":\"WebSite\",\"@id\":\"https:\/\/cellercanroda.cat\/ca\/#website\",\"url\":\"https:\/\/cellercanroda.cat\/ca\/\",\"name\":\"Celler Can Roda\",\"description\":\"Vins DO Alella\",\"publisher\":{\"@id\":\"https:\/\/cellercanroda.cat\/ca\/#organization\"},\"potentialAction\":[{\"@type\":\"SearchAction\",\"target\":{\"@type\":\"EntryPoint\",\"urlTemplate\":\"https:\/\/cellercanroda.cat\/ca\/?s={search_term_string}\"},\"query-input\":{\"@type\":\"PropertyValueSpecification\",\"valueRequired\":true,\"valueName\":\"search_term_string\"}}],\"inLanguage\":\"ca\"},{\"@type\":\"Organization\",\"@id\":\"https:\/\/cellercanroda.cat\/ca\/#organization\",\"name\":\"Celler Can Roda\",\"url\":\"https:\/\/cellercanroda.cat\/ca\/\",\"logo\":{\"@type\":\"ImageObject\",\"inLanguage\":\"ca\",\"@id\":\"https:\/\/cellercanroda.cat\/ca\/#\/schema\/logo\/image\/\",\"url\":\"https:\/\/cellercanroda.cat\/wp-content\/uploads\/2020\/09\/canroda_logo-scaled.jpg\",\"contentUrl\":\"https:\/\/cellercanroda.cat\/wp-content\/uploads\/2020\/09\/canroda_logo-scaled.jpg\",\"width\":2560,\"height\":1111,\"caption\":\"Celler Can Roda\"},\"image\":{\"@id\":\"https:\/\/cellercanroda.cat\/ca\/#\/schema\/logo\/image\/\"},\"sameAs\":[\"https:\/\/es-es.facebook.com\/CellerCanRoda\",\"https:\/\/www.instagram.com\/cellercanroda\/\",\"https:\/\/www.youtube.com\/channel\/UCMkIFqwRPc-Pk1eMPzADxqA\"]}]}<\/script>\n<!-- \/ Yoast SEO plugin. -->","yoast_head_json":{"title":"Fira de Nadal al celler Barcelona - Celler Can Roda","description":"Vols apendre a cuinar les millors receptes o a preparar bonics montatges nadalencs? Vine a la nostra fira de Nadal a gaudir d'un mat\u00ed diferent!","robots":{"index":"index","follow":"follow","max-snippet":"max-snippet:-1","max-image-preview":"max-image-preview:large","max-video-preview":"max-video-preview:-1"},"canonical":"https:\/\/cellercanroda.cat\/ca\/visita\/enoturisme-tallers-i-cursos\/taller-de-nadal\/","og_locale":"ca_ES","og_type":"article","og_title":"Fira de Nadal al celler Barcelona - Celler Can Roda","og_description":"Vols apendre a cuinar les millors receptes o a preparar bonics montatges nadalencs? Vine a la nostra fira de Nadal a gaudir d'un mat\u00ed diferent!","og_url":"https:\/\/cellercanroda.cat\/ca\/visita\/enoturisme-tallers-i-cursos\/taller-de-nadal\/","og_site_name":"Celler Can Roda","article_publisher":"https:\/\/es-es.facebook.com\/CellerCanRoda","article_modified_time":"2025-12-02T14:19:34+00:00","twitter_card":"summary_large_image","twitter_misc":{"Temps estimat de lectura":"5 minuts"},"schema":{"@context":"https:\/\/schema.org","@graph":[{"@type":"WebPage","@id":"https:\/\/cellercanroda.cat\/ca\/visita\/enoturisme-tallers-i-cursos\/taller-de-nadal\/","url":"https:\/\/cellercanroda.cat\/ca\/visita\/enoturisme-tallers-i-cursos\/taller-de-nadal\/","name":"Fira de Nadal al celler Barcelona - Celler Can Roda","isPartOf":{"@id":"https:\/\/cellercanroda.cat\/ca\/#website"},"datePublished":"2021-02-15T23:09:17+00:00","dateModified":"2025-12-02T14:19:34+00:00","description":"Vols apendre a cuinar les millors receptes o a preparar bonics montatges nadalencs? Vine a la nostra fira de Nadal a gaudir d'un mat\u00ed diferent!","breadcrumb":{"@id":"https:\/\/cellercanroda.cat\/ca\/visita\/enoturisme-tallers-i-cursos\/taller-de-nadal\/#breadcrumb"},"inLanguage":"ca","potentialAction":[{"@type":"ReadAction","target":["https:\/\/cellercanroda.cat\/ca\/visita\/enoturisme-tallers-i-cursos\/taller-de-nadal\/"]}]},{"@type":"BreadcrumbList","@id":"https:\/\/cellercanroda.cat\/ca\/visita\/enoturisme-tallers-i-cursos\/taller-de-nadal\/#breadcrumb","itemListElement":[{"@type":"ListItem","position":1,"name":"Inicio","item":"https:\/\/cellercanroda.cat\/ca\/"},{"@type":"ListItem","position":2,"name":"Visita","item":"https:\/\/cellercanroda.cat\/ca\/visita\/"},{"@type":"ListItem","position":3,"name":"Tallers i cursos de vi","item":"https:\/\/cellercanroda.cat\/ca\/visita\/enoturisme-tallers-i-cursos\/"},{"@type":"ListItem","position":4,"name":"Fira de Nadal"}]},{"@type":"WebSite","@id":"https:\/\/cellercanroda.cat\/ca\/#website","url":"https:\/\/cellercanroda.cat\/ca\/","name":"Celler Can Roda","description":"Vins DO Alella","publisher":{"@id":"https:\/\/cellercanroda.cat\/ca\/#organization"},"potentialAction":[{"@type":"SearchAction","target":{"@type":"EntryPoint","urlTemplate":"https:\/\/cellercanroda.cat\/ca\/?s={search_term_string}"},"query-input":{"@type":"PropertyValueSpecification","valueRequired":true,"valueName":"search_term_string"}}],"inLanguage":"ca"},{"@type":"Organization","@id":"https:\/\/cellercanroda.cat\/ca\/#organization","name":"Celler Can Roda","url":"https:\/\/cellercanroda.cat\/ca\/","logo":{"@type":"ImageObject","inLanguage":"ca","@id":"https:\/\/cellercanroda.cat\/ca\/#\/schema\/logo\/image\/","url":"https:\/\/cellercanroda.cat\/wp-content\/uploads\/2020\/09\/canroda_logo-scaled.jpg","contentUrl":"https:\/\/cellercanroda.cat\/wp-content\/uploads\/2020\/09\/canroda_logo-scaled.jpg","width":2560,"height":1111,"caption":"Celler Can Roda"},"image":{"@id":"https:\/\/cellercanroda.cat\/ca\/#\/schema\/logo\/image\/"},"sameAs":["https:\/\/es-es.facebook.com\/CellerCanRoda","https:\/\/www.instagram.com\/cellercanroda\/","https:\/\/www.youtube.com\/channel\/UCMkIFqwRPc-Pk1eMPzADxqA"]}]}},"_links":{"self":[{"href":"https:\/\/cellercanroda.cat\/ca\/wp-json\/wp\/v2\/pages\/5917","targetHints":{"allow":["GET"]}}],"collection":[{"href":"https:\/\/cellercanroda.cat\/ca\/wp-json\/wp\/v2\/pages"}],"about":[{"href":"https:\/\/cellercanroda.cat\/ca\/wp-json\/wp\/v2\/types\/page"}],"author":[{"embeddable":true,"href":"https:\/\/cellercanroda.cat\/ca\/wp-json\/wp\/v2\/users\/2"}],"replies":[{"embeddable":true,"href":"https:\/\/cellercanroda.cat\/ca\/wp-json\/wp\/v2\/comments?post=5917"}],"version-history":[{"count":4,"href":"https:\/\/cellercanroda.cat\/ca\/wp-json\/wp\/v2\/pages\/5917\/revisions"}],"predecessor-version":[{"id":35305,"href":"https:\/\/cellercanroda.cat\/ca\/wp-json\/wp\/v2\/pages\/5917\/revisions\/35305"}],"up":[{"embeddable":true,"href":"https:\/\/cellercanroda.cat\/ca\/wp-json\/wp\/v2\/pages\/5807"}],"wp:attachment":[{"href":"https:\/\/cellercanroda.cat\/ca\/wp-json\/wp\/v2\/media?parent=5917"}],"curies":[{"name":"wp","href":"https:\/\/api.w.org\/{rel}","templated":true}]}}